{"id":141,"date":"2024-09-26T19:54:26","date_gmt":"2024-09-26T22:54:26","guid":{"rendered":"https:\/\/www.siebenfamily.com\/?page_id=141"},"modified":"2025-05-29T19:45:46","modified_gmt":"2025-05-29T22:45:46","slug":"biblioteca-almafuerte","status":"publish","type":"page","link":"https:\/\/ipespaulofreire.edu.ar\/web\/biblioteca-almafuerte\/","title":{"rendered":"Biblioteca Almafuerte"},"content":{"rendered":"\n<p><strong>La biblioteca Almafuerte tiene un lugar central en el IPES Paulo Freire<\/strong>, ya que es un espacio utilizado por estudiantes, profesores y otros miembros de la comunidad, tanto para la lectura y el estudio como para el desarrollo de distintos talleres y propuestas vinculadas al arte y a la cultura. Nuestro objetivo es acompa\u00f1ar el proyecto pedag\u00f3gico institucional atendiendo a las necesidades de informaci\u00f3n de la comunidad educativa, a trav\u00e9s de diferentes recursos (bibliogr\u00e1ficos, documentales y multimediales), de una variedad de servicios (atenci\u00f3n, referencia, formaci\u00f3n, etc.) y de actividades culturales.<\/p>\n\n\n\n<h3 class=\"wp-block-heading\">\u23f0 HORARIOS DE ATENCI\u00d3N<\/h3>\n\n\n\n<p><strong>LUNES A VIERNES<\/strong><\/p>\n\n\n\n<ul class=\"wp-block-list\">\n<li><strong>TURNO MA\u00d1ANA<\/strong>: 8:00 a 12:20 h<\/li>\n\n\n\n<li><strong>TURNO TARDE<\/strong>: 14:00 a 18:20 h<\/li>\n\n\n\n<li><strong>TURNO VESPERTINO<\/strong>: 19:00 a 23:20 h<\/li>\n<\/ul>\n\n\n\n<h3 class=\"wp-block-heading\">\ud83d\udee0\ufe0f SERVICIOS<\/h3>\n\n\n\n<ul class=\"wp-block-list\">\n<li>Consulta en sala con acceso a estanter\u00edas abiertas<\/li>\n\n\n\n<li>Pr\u00e9stamos \u00e1ulicos y a domicilio<\/li>\n\n\n\n<li>Sala de lectura parlante<\/li>\n\n\n\n<li>Pr\u00e9stamos de netbooks (sala\/aula)<\/li>\n\n\n\n<li>Consulta y referencia a trav\u00e9s de canales electr\u00f3nicos (Campus Virtual, redes sociales, correo electr\u00f3nico)<\/li>\n\n\n\n<li>Orientaci\u00f3n a usuarios\/as en la b\u00fasqueda de material y recursos disponibles<\/li>\n<\/ul>\n\n\n\n<p><strong>\u00a1TODOS LOS SERVICIOS SON P\u00daBLICOS Y GRATUITOS!<\/strong><\/p>\n\n\n\n<h3 class=\"wp-block-heading\">\ud83c\udfad ACTIVIDADES<\/h3>\n\n\n\n<ul class=\"wp-block-list\">\n<li>SEMANA FREIREANA<\/li>\n\n\n\n<li>TALLERES DE FORMACI\u00d3N DE USUARIAS\/OS: b\u00fasquedas en internet, Normas APA<\/li>\n\n\n\n<li>PRESENTACIONES DE LIBROS DE AUTORAS\/ES FUEGUINOS \u2013 Encuentros literarios<\/li>\n\n\n\n<li>CELEBRACI\u00d3N \u201cD\u00cdA DEL LIBRO\u201d &#8211; Juegos y actividades de lectura<\/li>\n\n\n\n<li>RECOMENDACIONES DE LECTURAS LITERARIAS Y PEDAG\u00d3GICAS<\/li>\n<\/ul>\n\n\n\n<h3 class=\"wp-block-heading\">\ud83d\udcd6 RECURSOS<\/h3>\n\n\n\n<p><strong>BIBLIOGR\u00c1FICOS:<\/strong> 6000 vol\u00famenes aprox.<\/p>\n\n\n\n<p><strong>COLECCIONES DESTACADAS<\/strong><\/p>\n\n\n\n<ul class=\"wp-block-list\">\n<li>\ud83d\udcda EDUCACI\u00d3N<\/li>\n\n\n\n<li>\ud83d\udcd6 LITERATURA<\/li>\n\n\n\n<li>\ud83d\udcd8 LITERATURA INFANTIL Y JUVENIL<\/li>\n\n\n\n<li>\ud83d\udcda LIBROS DE TEXTOS DE TODAS LAS \u00c1REAS<\/li>\n\n\n\n<li>\ud83d\uddfe TIERRA DEL FUEGO<\/li>\n<\/ul>\n\n\n\n<p><strong>DOCUMENTALES:<\/strong> Materiales digitalizados, revistas, documentos, libros digitalizados. <strong>MULTIMEDIALES:<\/strong> Archivo F\u00edlmico Pedag\u00f3gico, CD\u00b4s de m\u00fasica, DVD\u2019s, portales con recursos para descargar (EDUCAR, JUANA MANSO, BN DE MAESTRAS Y MAESTROS), videos de YouTube, pel\u00edculas, podcast, p\u00e1ginas web. <strong>OTROS RECURSOS:<\/strong><\/p>\n\n\n\n<ul class=\"wp-block-list\">\n<li>\ud83d\uddfa\ufe0f Mapas, globos terr\u00e1queos, cartas geogr\u00e1ficas<\/li>\n\n\n\n<li>\ud83d\uddbc\ufe0f L\u00e1minas<\/li>\n\n\n\n<li>\ud83d\udccf Instrumentos de geometr\u00eda para pizarra<\/li>\n\n\n\n<li>\ud83d\udd22 Calculadoras cient\u00edficas<\/li>\n\n\n\n<li>\u265f\ufe0f Juegos (Ajedrez, cartas)<\/li>\n\n\n\n<li>\ud83d\udcbb Netbooks<\/li>\n\n\n\n<li>\ud83c\udfa7 Auriculares<\/li>\n\n\n\n<li>\ud83c\udfb8 Instrumentos musicales (guitarra)<\/li>\n<\/ul>\n\n\n\n<h3 class=\"wp-block-heading\">\ud83c\udfdb\ufe0f BIBLIOTECA PEDAG\u00d3GICA DEL C.I.N.D.E<\/h3>\n\n\n\n<p><strong>Centro de Informaci\u00f3n y Documentaci\u00f3n de Educaci\u00f3n<\/strong><\/p>\n\n\n\n<p><strong>Recursos disponibles:<\/strong> Material bibliogr\u00e1fico en papel y documentos digitales a demanda.<\/p>\n\n\n\n<p><strong>Servicios:<\/strong><\/p>\n\n\n\n<ul class=\"wp-block-list\">\n<li>\ud83d\udcd6 Pr\u00e9stamos en sala<\/li>\n\n\n\n<li>\ud83d\udd0e Referencia virtual<\/li>\n\n\n\n<li>\ud83d\udcbb Consulta virtual a trav\u00e9s de la p\u00e1gina de Facebook \u201cBibliocinde RG\u201d<\/li>\n\n\n\n<li>\ud83d\udcda Pr\u00e9stamos a domicilio: A partir del d\u00eda 15\/05, previa asociaci\u00f3n<\/li>\n\n\n\n<li>\ud83d\udd58 Horario de atenci\u00f3n: de 9 a 15:30 h<\/li>\n<\/ul>\n\n\n\n<h3 class=\"wp-block-heading\">\ud83d\udcbb BIBLIOTECA DIGITAL<\/h3>\n\n\n\n<p><a href=\"https:\/\/drive.google.com\/drive\/folders\/1PR0YuCGzOC9Z-JRQ3h0XnPZOSpXKVFTN\">Acceso a la biblioteca digital<\/a><\/p>\n\n\n\n<h3 class=\"wp-block-heading\">\ud83d\udce2 MEDIOS DE COMUNICACI\u00d3N OFICIALES<\/h3>\n\n\n\n<ul class=\"wp-block-list\">\n<li><strong>Instagram:<\/strong> <a href=\"https:\/\/www.instagram.com\/bibliotecaalmafuerte\/\">@bibliotecaalmafuerte<\/a><\/li>\n\n\n\n<li><strong>Facebook:<\/strong> <a href=\"https:\/\/www.facebook.com\/people\/Biblioteca-Almafuerte-IPES-Paulo-Freire\/100054236840481\/\">Biblioteca Almafuerte<\/a><\/li>\n\n\n\n<li><strong>Correo electr\u00f3nico:<\/strong> espacioalmafuerte@gmail.com<\/li>\n<\/ul>\n\n\n\n<p><\/p>\n","protected":false},"excerpt":{"rendered":"<p>La biblioteca Almafuerte tiene un lugar central en el IPES Paulo Freire, ya que es un espacio utilizado por estudiantes, profesores y otros miembros de la comunidad, tanto para la lectura y el estudio como para el desarrollo de distintos talleres y propuestas vinculadas al arte y a la cultura. Nuestro objetivo es acompa\u00f1ar el [&hellip;]<\/p>\n","protected":false},"author":1,"featured_media":0,"parent":0,"menu_order":0,"comment_status":"closed","ping_status":"closed","template":"","meta":{"footnotes":""},"class_list":["post-141","page","type-page","status-publish","hentry"],"_links":{"self":[{"href":"https:\/\/ipespaulofreire.edu.ar\/web\/wp-json\/wp\/v2\/pages\/141","targetHints":{"allow":["GET"]}}],"collection":[{"href":"https:\/\/ipespaulofreire.edu.ar\/web\/wp-json\/wp\/v2\/pages"}],"about":[{"href":"https:\/\/ipespaulofreire.edu.ar\/web\/wp-json\/wp\/v2\/types\/page"}],"author":[{"embeddable":true,"href":"https:\/\/ipespaulofreire.edu.ar\/web\/wp-json\/wp\/v2\/users\/1"}],"replies":[{"embeddable":true,"href":"https:\/\/ipespaulofreire.edu.ar\/web\/wp-json\/wp\/v2\/comments?post=141"}],"version-history":[{"count":7,"href":"https:\/\/ipespaulofreire.edu.ar\/web\/wp-json\/wp\/v2\/pages\/141\/revisions"}],"predecessor-version":[{"id":1306,"href":"https:\/\/ipespaulofreire.edu.ar\/web\/wp-json\/wp\/v2\/pages\/141\/revisions\/1306"}],"wp:attachment":[{"href":"https:\/\/ipespaulofreire.edu.ar\/web\/wp-json\/wp\/v2\/media?parent=141"}],"curies":[{"name":"wp","href":"https:\/\/api.w.org\/{rel}","templated":true}]}}